{"id":191,"date":"2024-06-05T12:52:34","date_gmt":"2024-06-05T10:52:34","guid":{"rendered":"https:\/\/patrimoinesinvisibles.com\/?page_id=191"},"modified":"2025-06-16T17:56:14","modified_gmt":"2025-06-16T15:56:14","slug":"agenda","status":"publish","type":"page","link":"https:\/\/patrimoinesinvisibles.com\/index.php\/agenda\/","title":{"rendered":"Agenda"},"content":{"rendered":"\t\t<div data-elementor-type=\"wp-page\" data-elementor-id=\"191\" class=\"elementor elementor-191\" data-elementor-post-type=\"page\">\n\t\t\t\t<div class=\"elementor-element elementor-element-e991111 e-flex e-con-boxed e-con e-parent\" data-id=\"e991111\" data-element_type=\"container\" data-e-type=\"container\">\n\t\t\t\t\t<div class=\"e-con-inner\">\n\t\t\t\t<div class=\"elementor-element elementor-element-1aca97c elementor-grid-1 elementor-grid-tablet-2 elementor-grid-mobile-1 elementor-widget elementor-widget-loop-grid\" data-id=\"1aca97c\" data-element_type=\"widget\" data-e-type=\"widget\" data-settings=\"{&quot;template_id&quot;:&quot;212&quot;,&quot;columns&quot;:1,&quot;_skin&quot;:&quot;post&quot;,&quot;columns_tablet&quot;:&quot;2&quot;,&quot;columns_mobile&quot;:&quot;1&quot;,&quot;edit_handle_selector&quot;:&quot;[data-elementor-type=\\&quot;loop-item\\&quot;]&quot;,&quot;row_gap&quot;:{&quot;unit&quot;:&quot;px&quot;,&quot;size&quot;:&quot;&quot;,&quot;sizes&quot;:[]},&quot;row_gap_tablet&quot;:{&quot;unit&quot;:&quot;px&quot;,&quot;size&quot;:&quot;&quot;,&quot;sizes&quot;:[]},&quot;row_gap_mobile&quot;:{&quot;unit&quot;:&quot;px&quot;,&quot;size&quot;:&quot;&quot;,&quot;sizes&quot;:[]}}\" data-widget_type=\"loop-grid.post\">\n\t\t\t\t<div class=\"elementor-widget-container\">\n\t\t\t\t\t\t\t<div class=\"elementor-loop-container elementor-grid\" role=\"list\">\n\t\t<style id=\"loop-212\">.elementor-212 .elementor-element.elementor-element-6cc171f8{--display:flex;--min-height:0px;--flex-direction:column;--container-widget-width:100%;--container-widget-height:initial;--container-widget-flex-grow:0;--container-widget-align-self:initial;--flex-wrap-mobile:wrap;--gap:0px 0px;--row-gap:0px;--column-gap:0px;border-style:solid;--border-style:solid;border-width:0px 0px 0px 0px;--border-top-width:0px;--border-right-width:0px;--border-bottom-width:0px;--border-left-width:0px;--border-radius:0px 0px 0px 0px;--padding-top:0px;--padding-bottom:-13px;--padding-left:0px;--padding-right:0px;}.elementor-212 .elementor-element.elementor-element-518e1661{--display:flex;--flex-direction:row;--container-widget-width:calc( ( 1 - var( --container-widget-flex-grow ) ) * 100% );--container-widget-height:100%;--container-widget-flex-grow:1;--container-widget-align-self:stretch;--flex-wrap-mobile:wrap;--justify-content:space-between;--align-items:center;--gap:0px 0px;--row-gap:0px;--column-gap:0px;border-style:none;--border-style:none;--border-radius:0px 0px 0px 0px;--margin-top:0px;--margin-bottom:0px;--margin-left:0px;--margin-right:0px;--padding-top:0px;--padding-bottom:0px;--padding-left:0px;--padding-right:0px;}.elementor-widget-text-editor{font-family:var( --e-global-typography-text-font-family ), Sans-serif;font-size:var( --e-global-typography-text-font-size );font-weight:var( --e-global-typography-text-font-weight );letter-spacing:var( --e-global-typography-text-letter-spacing );color:var( --e-global-color-text );}.elementor-widget-text-editor.elementor-drop-cap-view-stacked .elementor-drop-cap{background-color:var( --e-global-color-primary );}.elementor-widget-text-editor.elementor-drop-cap-view-framed .elementor-drop-cap, .elementor-widget-text-editor.elementor-drop-cap-view-default .elementor-drop-cap{color:var( --e-global-color-primary );border-color:var( --e-global-color-primary );}.elementor-212 .elementor-element.elementor-element-44b8e0fd{font-family:var( --e-global-typography-accent-font-family ), Sans-serif;font-size:var( --e-global-typography-accent-font-size );font-weight:var( --e-global-typography-accent-font-weight );letter-spacing:var( --e-global-typography-accent-letter-spacing );width:var( --container-widget-width, 25% );max-width:25%;--container-widget-width:25%;--container-widget-flex-grow:0;}.elementor-212 .elementor-element.elementor-element-44b8e0fd.elementor-element{--align-self:flex-start;--order:-99999 \/* order start hack *\/;}.elementor-212 .elementor-element.elementor-element-e3fd894{--display:flex;}.elementor-212 .elementor-element.elementor-element-4f83695c{column-gap:0px;text-align:start;font-family:var( --e-global-typography-accent-font-family ), Sans-serif;font-size:var( --e-global-typography-accent-font-size );font-weight:var( --e-global-typography-accent-font-weight );letter-spacing:var( --e-global-typography-accent-letter-spacing );color:var( --e-global-color-text );}.elementor-212 .elementor-element.elementor-element-4f83695c.elementor-element{--order:-99999 \/* order start hack *\/;}.elementor-212 .elementor-element.elementor-element-dde2111{column-gap:0px;text-align:start;font-family:var( --e-global-typography-text-font-family ), Sans-serif;font-size:var( --e-global-typography-text-font-size );font-weight:var( --e-global-typography-text-font-weight );letter-spacing:var( --e-global-typography-text-letter-spacing );color:var( --e-global-color-text );}.elementor-212 .elementor-element.elementor-element-dde2111.elementor-element{--order:-99999 \/* order start hack *\/;}.elementor-212 .elementor-element.elementor-element-efd3709{--spacer-size:10px;}@media(max-width:1024px){.elementor-widget-text-editor{font-size:var( --e-global-typography-text-font-size );letter-spacing:var( --e-global-typography-text-letter-spacing );}.elementor-212 .elementor-element.elementor-element-44b8e0fd{font-size:var( --e-global-typography-accent-font-size );letter-spacing:var( --e-global-typography-accent-letter-spacing );}.elementor-212 .elementor-element.elementor-element-4f83695c{font-size:var( --e-global-typography-accent-font-size );letter-spacing:var( --e-global-typography-accent-letter-spacing );}.elementor-212 .elementor-element.elementor-element-dde2111{font-size:var( --e-global-typography-text-font-size );letter-spacing:var( --e-global-typography-text-letter-spacing );}}@media(max-width:767px){.elementor-212 .elementor-element.elementor-element-6cc171f8{--flex-wrap:nowrap;}.elementor-widget-text-editor{font-size:var( --e-global-typography-text-font-size );letter-spacing:var( --e-global-typography-text-letter-spacing );}.elementor-212 .elementor-element.elementor-element-44b8e0fd{font-size:var( --e-global-typography-accent-font-size );letter-spacing:var( --e-global-typography-accent-letter-spacing );width:100%;max-width:100%;}.elementor-212 .elementor-element.elementor-element-4f83695c{font-size:var( --e-global-typography-accent-font-size );letter-spacing:var( --e-global-typography-accent-letter-spacing );width:100%;max-width:100%;}.elementor-212 .elementor-element.elementor-element-dde2111{font-size:var( --e-global-typography-text-font-size );letter-spacing:var( --e-global-typography-text-letter-spacing );width:100%;max-width:100%;}}<\/style>\t\t<div data-elementor-type=\"loop-item\" data-elementor-id=\"212\" class=\"elementor elementor-212 e-loop-item e-loop-item-1977 post-1977 post type-post status-publish format-standard hentry category-agenda\" data-elementor-post-type=\"elementor_library\" data-custom-edit-handle=\"1\">\n\t\t\t<div class=\"elementor-element elementor-element-6cc171f8 e-con-full e-flex e-con e-parent\" data-id=\"6cc171f8\" data-element_type=\"container\" data-e-type=\"container\">\n\t\t<div class=\"elementor-element elementor-element-518e1661 e-con-full e-flex e-con e-child\" data-id=\"518e1661\" data-element_type=\"container\" data-e-type=\"container\">\n\t\t\t\t<div class=\"elementor-element elementor-element-44b8e0fd elementor-widget-mobile__width-inherit elementor-widget__width-initial elementor-widget elementor-widget-text-editor\" data-id=\"44b8e0fd\" data-element_type=\"widget\" data-e-type=\"widget\" data-widget_type=\"text-editor.default\">\n\t\t\t\t<div class=\"elementor-widget-container\">\n\t\t\t\t\t\t\t\t\t07 et 08 juin 2026\t\t\t\t\t\t\t\t<\/div>\n\t\t\t\t<\/div>\n\t\t<div class=\"elementor-element elementor-element-e3fd894 e-flex e-con-boxed e-con e-child\" data-id=\"e3fd894\" data-element_type=\"container\" data-e-type=\"container\">\n\t\t\t\t\t<div class=\"e-con-inner\">\n\t\t\t\t<div class=\"elementor-element elementor-element-4f83695c elementor-widget-mobile__width-inherit elementor-widget elementor-widget-text-editor\" data-id=\"4f83695c\" data-element_type=\"widget\" data-e-type=\"widget\" data-widget_type=\"text-editor.default\">\n\t\t\t\t<div class=\"elementor-widget-container\">\n\t\t\t\t\t\t\t\t\tCarnaval d&#8217;\u00e9t\u00e9 de Lomme\t\t\t\t\t\t\t\t<\/div>\n\t\t\t\t<\/div>\n\t\t\t\t<div class=\"elementor-element elementor-element-dde2111 elementor-widget-mobile__width-inherit elementor-widget elementor-widget-text-editor\" data-id=\"dde2111\" data-element_type=\"widget\" data-e-type=\"widget\" data-widget_type=\"text-editor.default\">\n\t\t\t\t<div class=\"elementor-widget-container\">\n\t\t\t\t\t\t\t\t\tCarnaval d&#8217;\u00e9t\u00e9 de Lomme<\/div><\/div><\/div><\/div><\/div><\/div><\/div> <a href=\"https:\/\/patrimoinesinvisibles.com\/index.php\/2025\/06\/26\/carnaval-dete-de-lomme\/#more-1977\" class=\"more-link elementor-more-link\"><span aria-label=\"Continue reading Carnaval d&#8217;\u00e9t\u00e9 de Lomme\">(more&hellip;)<\/span><\/a>\t\t<div data-elementor-type=\"loop-item\" data-elementor-id=\"212\" class=\"elementor elementor-212 e-loop-item e-loop-item-1979 post-1979 post type-post status-publish format-standard hentry category-agenda\" data-elementor-post-type=\"elementor_library\" data-custom-edit-handle=\"1\">\n\t\t\t<div class=\"elementor-element elementor-element-6cc171f8 e-con-full e-flex e-con e-parent\" data-id=\"6cc171f8\" data-element_type=\"container\" data-e-type=\"container\">\n\t\t<div class=\"elementor-element elementor-element-518e1661 e-con-full e-flex e-con e-child\" data-id=\"518e1661\" data-element_type=\"container\" data-e-type=\"container\">\n\t\t\t\t<div class=\"elementor-element elementor-element-44b8e0fd elementor-widget-mobile__width-inherit elementor-widget__width-initial elementor-widget elementor-widget-text-editor\" data-id=\"44b8e0fd\" data-element_type=\"widget\" data-e-type=\"widget\" data-widget_type=\"text-editor.default\">\n\t\t\t\t<div class=\"elementor-widget-container\">\n\t\t\t\t\t\t\t\t\t26 avril 2026\t\t\t\t\t\t\t\t<\/div>\n\t\t\t\t<\/div>\n\t\t<div class=\"elementor-element elementor-element-e3fd894 e-flex e-con-boxed e-con e-child\" data-id=\"e3fd894\" data-element_type=\"container\" data-e-type=\"container\">\n\t\t\t\t\t<div class=\"e-con-inner\">\n\t\t\t\t<div class=\"elementor-element elementor-element-4f83695c elementor-widget-mobile__width-inherit elementor-widget elementor-widget-text-editor\" data-id=\"4f83695c\" data-element_type=\"widget\" data-e-type=\"widget\" data-widget_type=\"text-editor.default\">\n\t\t\t\t<div class=\"elementor-widget-container\">\n\t\t\t\t\t\t\t\t\tRonde des g\u00e9ants de Bouvines\t\t\t\t\t\t\t\t<\/div>\n\t\t\t\t<\/div>\n\t\t\t\t<div class=\"elementor-element elementor-element-dde2111 elementor-widget-mobile__width-inherit elementor-widget elementor-widget-text-editor\" data-id=\"dde2111\" data-element_type=\"widget\" data-e-type=\"widget\" data-widget_type=\"text-editor.default\">\n\t\t\t\t<div class=\"elementor-widget-container\">\n\t\t\t\t\t\t\t\t\tRonde annuelle des g\u00e9ants de la r\u00e9gion <\/div><\/div><\/div><\/div><\/div><\/div><\/div> <a href=\"https:\/\/patrimoinesinvisibles.com\/index.php\/2025\/06\/26\/ronde-des-geants-de-bouvines\/#more-1979\" class=\"more-link elementor-more-link\"><span aria-label=\"Continue reading Ronde des g\u00e9ants de Bouvines\">(more&hellip;)<\/span><\/a>\t\t<div data-elementor-type=\"loop-item\" data-elementor-id=\"212\" class=\"elementor elementor-212 e-loop-item e-loop-item-1973 post-1973 post type-post status-publish format-standard hentry category-agenda\" data-elementor-post-type=\"elementor_library\" data-custom-edit-handle=\"1\">\n\t\t\t<div class=\"elementor-element elementor-element-6cc171f8 e-con-full e-flex e-con e-parent\" data-id=\"6cc171f8\" data-element_type=\"container\" data-e-type=\"container\">\n\t\t<div class=\"elementor-element elementor-element-518e1661 e-con-full e-flex e-con e-child\" data-id=\"518e1661\" data-element_type=\"container\" data-e-type=\"container\">\n\t\t\t\t<div class=\"elementor-element elementor-element-44b8e0fd elementor-widget-mobile__width-inherit elementor-widget__width-initial elementor-widget elementor-widget-text-editor\" data-id=\"44b8e0fd\" data-element_type=\"widget\" data-e-type=\"widget\" data-widget_type=\"text-editor.default\">\n\t\t\t\t<div class=\"elementor-widget-container\">\n\t\t\t\t\t\t\t\t\t26 avril 2026\t\t\t\t\t\t\t\t<\/div>\n\t\t\t\t<\/div>\n\t\t<div class=\"elementor-element elementor-element-e3fd894 e-flex e-con-boxed e-con e-child\" data-id=\"e3fd894\" data-element_type=\"container\" data-e-type=\"container\">\n\t\t\t\t\t<div class=\"e-con-inner\">\n\t\t\t\t<div class=\"elementor-element elementor-element-4f83695c elementor-widget-mobile__width-inherit elementor-widget elementor-widget-text-editor\" data-id=\"4f83695c\" data-element_type=\"widget\" data-e-type=\"widget\" data-widget_type=\"text-editor.default\">\n\t\t\t\t<div class=\"elementor-widget-container\">\n\t\t\t\t\t\t\t\t\tCarnaval d&#8217;\u00e9t\u00e9 de Steenvoorde (G\u00e9ants)\t\t\t\t\t\t\t\t<\/div>\n\t\t\t\t<\/div>\n\t\t\t\t<div class=\"elementor-element elementor-element-dde2111 elementor-widget-mobile__width-inherit elementor-widget elementor-widget-text-editor\" data-id=\"dde2111\" data-element_type=\"widget\" data-e-type=\"widget\" data-widget_type=\"text-editor.default\">\n\t\t\t\t<div class=\"elementor-widget-container\">\n\t\t\t\t\t\t\t\t\tCarnaval d&#8217;\u00e9t\u00e9 de Steenvoorde (59114) qui devient r\u00e9guli\u00e8rement la &#8220;ronde europ\u00e9enne des g\u00e9ants port\u00e9s&#8221;<\/div><\/div><\/div><\/div><\/div><\/div><\/div> <a href=\"https:\/\/patrimoinesinvisibles.com\/index.php\/2025\/06\/26\/carnaval-dete-de-steenvoorde-geants\/#more-1973\" class=\"more-link elementor-more-link\"><span aria-label=\"Continue reading Carnaval d&#8217;\u00e9t\u00e9 de Steenvoorde (G\u00e9ants)\">(more&hellip;)<\/span><\/a>\t\t<div data-elementor-type=\"loop-item\" data-elementor-id=\"212\" class=\"elementor elementor-212 e-loop-item e-loop-item-1971 post-1971 post type-post status-publish format-standard hentry category-agenda\" data-elementor-post-type=\"elementor_library\" data-custom-edit-handle=\"1\">\n\t\t\t<div class=\"elementor-element elementor-element-6cc171f8 e-con-full e-flex e-con e-parent\" data-id=\"6cc171f8\" data-element_type=\"container\" data-e-type=\"container\">\n\t\t<div class=\"elementor-element elementor-element-518e1661 e-con-full e-flex e-con e-child\" data-id=\"518e1661\" data-element_type=\"container\" data-e-type=\"container\">\n\t\t\t\t<div class=\"elementor-element elementor-element-44b8e0fd elementor-widget-mobile__width-inherit elementor-widget__width-initial elementor-widget elementor-widget-text-editor\" data-id=\"44b8e0fd\" data-element_type=\"widget\" data-e-type=\"widget\" data-widget_type=\"text-editor.default\">\n\t\t\t\t<div class=\"elementor-widget-container\">\n\t\t\t\t\t\t\t\t\t06 avril 2026\t\t\t\t\t\t\t\t<\/div>\n\t\t\t\t<\/div>\n\t\t<div class=\"elementor-element elementor-element-e3fd894 e-flex e-con-boxed e-con e-child\" data-id=\"e3fd894\" data-element_type=\"container\" data-e-type=\"container\">\n\t\t\t\t\t<div class=\"e-con-inner\">\n\t\t\t\t<div class=\"elementor-element elementor-element-4f83695c elementor-widget-mobile__width-inherit elementor-widget elementor-widget-text-editor\" data-id=\"4f83695c\" data-element_type=\"widget\" data-e-type=\"widget\" data-widget_type=\"text-editor.default\">\n\t\t\t\t<div class=\"elementor-widget-container\">\n\t\t\t\t\t\t\t\t\tCarnaval d&#8217;\u00e9t\u00e9 de Cassel\t\t\t\t\t\t\t\t<\/div>\n\t\t\t\t<\/div>\n\t\t\t\t<div class=\"elementor-element elementor-element-dde2111 elementor-widget-mobile__width-inherit elementor-widget elementor-widget-text-editor\" data-id=\"dde2111\" data-element_type=\"widget\" data-e-type=\"widget\" data-widget_type=\"text-editor.default\">\n\t\t\t\t<div class=\"elementor-widget-container\">\n\t\t\t\t\t\t\t\t\tCarnaval d&#8217;\u00e9t\u00e9 de Cassel avec sortie des g\u00e9ants Reuze Papa et Reuze Maman<\/div><\/div><\/div><\/div><\/div><\/div><\/div> <a href=\"https:\/\/patrimoinesinvisibles.com\/index.php\/2025\/06\/26\/carnaval-dete-de-cassel\/#more-1971\" class=\"more-link elementor-more-link\"><span aria-label=\"Continue reading Carnaval d&#8217;\u00e9t\u00e9 de Cassel\">(more&hellip;)<\/span><\/a>\t\t<div data-elementor-type=\"loop-item\" data-elementor-id=\"212\" class=\"elementor elementor-212 e-loop-item e-loop-item-1902 post-1902 post type-post status-publish format-standard hentry category-agenda\" data-elementor-post-type=\"elementor_library\" data-custom-edit-handle=\"1\">\n\t\t\t<div class=\"elementor-element elementor-element-6cc171f8 e-con-full e-flex e-con e-parent\" data-id=\"6cc171f8\" data-element_type=\"container\" data-e-type=\"container\">\n\t\t<div class=\"elementor-element elementor-element-518e1661 e-con-full e-flex e-con e-child\" data-id=\"518e1661\" data-element_type=\"container\" data-e-type=\"container\">\n\t\t\t\t<div class=\"elementor-element elementor-element-44b8e0fd elementor-widget-mobile__width-inherit elementor-widget__width-initial elementor-widget elementor-widget-text-editor\" data-id=\"44b8e0fd\" data-element_type=\"widget\" data-e-type=\"widget\" data-widget_type=\"text-editor.default\">\n\t\t\t\t<div class=\"elementor-widget-container\">\n\t\t\t\t\t\t\t\t\tDu 15 au 19 avril 2026\t\t\t\t\t\t\t\t<\/div>\n\t\t\t\t<\/div>\n\t\t<div class=\"elementor-element elementor-element-e3fd894 e-flex e-con-boxed e-con e-child\" data-id=\"e3fd894\" data-element_type=\"container\" data-e-type=\"container\">\n\t\t\t\t\t<div class=\"e-con-inner\">\n\t\t\t\t<div class=\"elementor-element elementor-element-4f83695c elementor-widget-mobile__width-inherit elementor-widget elementor-widget-text-editor\" data-id=\"4f83695c\" data-element_type=\"widget\" data-e-type=\"widget\" data-widget_type=\"text-editor.default\">\n\t\t\t\t<div class=\"elementor-widget-container\">\n\t\t\t\t\t\t\t\t\tSon &amp; Lumi\u00e8re Historique &#8220;L&#8217;\u00e9tonnante Histoire de Boulogne-sur-Mer&#8221;\t\t\t\t\t\t\t\t<\/div>\n\t\t\t\t<\/div>\n\t\t\t\t<div class=\"elementor-element elementor-element-dde2111 elementor-widget-mobile__width-inherit elementor-widget elementor-widget-text-editor\" data-id=\"dde2111\" data-element_type=\"widget\" data-e-type=\"widget\" data-widget_type=\"text-editor.default\">\n\t\t\t\t<div class=\"elementor-widget-container\">\n\t\t\t\t\t\t\t\t\tSon &amp; Lumi\u00e8re Historique &#8220;L&#8217;\u00e9tonnante Histoire de Boulogne-sur-Mer&#8221; \u00e0 la Basilique de Boulogne-sur-Mer (62200)<\/div><\/div><\/div><\/div><\/div><\/div><\/div> <a href=\"https:\/\/patrimoinesinvisibles.com\/index.php\/2025\/06\/26\/son-lumiere-historique-letonnante-histoire-de-boulogne-sur-mer\/#more-1902\" class=\"more-link elementor-more-link\"><span aria-label=\"Continue reading Son &amp; Lumi\u00e8re Historique &#8220;L&#8217;\u00e9tonnante Histoire de Boulogne-sur-Mer&#8221;\">(more&hellip;)<\/span><\/a>\t\t<div data-elementor-type=\"loop-item\" data-elementor-id=\"212\" class=\"elementor elementor-212 e-loop-item e-loop-item-1975 post-1975 post type-post status-publish format-standard hentry category-agenda\" data-elementor-post-type=\"elementor_library\" data-custom-edit-handle=\"1\">\n\t\t\t<div class=\"elementor-element elementor-element-6cc171f8 e-con-full e-flex e-con e-parent\" data-id=\"6cc171f8\" data-element_type=\"container\" data-e-type=\"container\">\n\t\t<div class=\"elementor-element elementor-element-518e1661 e-con-full e-flex e-con e-child\" data-id=\"518e1661\" data-element_type=\"container\" data-e-type=\"container\">\n\t\t\t\t<div class=\"elementor-element elementor-element-44b8e0fd elementor-widget-mobile__width-inherit elementor-widget__width-initial elementor-widget elementor-widget-text-editor\" data-id=\"44b8e0fd\" data-element_type=\"widget\" data-e-type=\"widget\" data-widget_type=\"text-editor.default\">\n\t\t\t\t<div class=\"elementor-widget-container\">\n\t\t\t\t\t\t\t\t\t1er mars 2026\t\t\t\t\t\t\t\t<\/div>\n\t\t\t\t<\/div>\n\t\t<div class=\"elementor-element elementor-element-e3fd894 e-flex e-con-boxed e-con e-child\" data-id=\"e3fd894\" data-element_type=\"container\" data-e-type=\"container\">\n\t\t\t\t\t<div class=\"e-con-inner\">\n\t\t\t\t<div class=\"elementor-element elementor-element-4f83695c elementor-widget-mobile__width-inherit elementor-widget elementor-widget-text-editor\" data-id=\"4f83695c\" data-element_type=\"widget\" data-e-type=\"widget\" data-widget_type=\"text-editor.default\">\n\t\t\t\t<div class=\"elementor-widget-container\">\n\t\t\t\t\t\t\t\t\tCarnaval de Lesquin\t\t\t\t\t\t\t\t<\/div>\n\t\t\t\t<\/div>\n\t\t\t\t<div class=\"elementor-element elementor-element-dde2111 elementor-widget-mobile__width-inherit elementor-widget elementor-widget-text-editor\" data-id=\"dde2111\" data-element_type=\"widget\" data-e-type=\"widget\" data-widget_type=\"text-editor.default\">\n\t\t\t\t<div class=\"elementor-widget-container\">\n\t\t\t\t\t\t\t\t\tCarnaval de Lesquin chaque premier dimanche de mars avec la sortie des g\u00e9ants Hippolyte et Tit\u00e9e<\/div><\/div><\/div><\/div><\/div><\/div><\/div> <a href=\"https:\/\/patrimoinesinvisibles.com\/index.php\/2025\/06\/26\/carnaval-de-lesquin\/#more-1975\" class=\"more-link elementor-more-link\"><span aria-label=\"Continue reading Carnaval de Lesquin\">(more&hellip;)<\/span><\/a>\t\t<div data-elementor-type=\"loop-item\" data-elementor-id=\"212\" class=\"elementor elementor-212 e-loop-item e-loop-item-1969 post-1969 post type-post status-publish format-standard hentry category-agenda\" data-elementor-post-type=\"elementor_library\" data-custom-edit-handle=\"1\">\n\t\t\t<div class=\"elementor-element elementor-element-6cc171f8 e-con-full e-flex e-con e-parent\" data-id=\"6cc171f8\" data-element_type=\"container\" data-e-type=\"container\">\n\t\t<div class=\"elementor-element elementor-element-518e1661 e-con-full e-flex e-con e-child\" data-id=\"518e1661\" data-element_type=\"container\" data-e-type=\"container\">\n\t\t\t\t<div class=\"elementor-element elementor-element-44b8e0fd elementor-widget-mobile__width-inherit elementor-widget__width-initial elementor-widget elementor-widget-text-editor\" data-id=\"44b8e0fd\" data-element_type=\"widget\" data-e-type=\"widget\" data-widget_type=\"text-editor.default\">\n\t\t\t\t<div class=\"elementor-widget-container\">\n\t\t\t\t\t\t\t\t\t17 f\u00e9vrier 2026\t\t\t\t\t\t\t\t<\/div>\n\t\t\t\t<\/div>\n\t\t<div class=\"elementor-element elementor-element-e3fd894 e-flex e-con-boxed e-con e-child\" data-id=\"e3fd894\" data-element_type=\"container\" data-e-type=\"container\">\n\t\t\t\t\t<div class=\"e-con-inner\">\n\t\t\t\t<div class=\"elementor-element elementor-element-4f83695c elementor-widget-mobile__width-inherit elementor-widget elementor-widget-text-editor\" data-id=\"4f83695c\" data-element_type=\"widget\" data-e-type=\"widget\" data-widget_type=\"text-editor.default\">\n\t\t\t\t<div class=\"elementor-widget-container\">\n\t\t\t\t\t\t\t\t\tMardi Gras 2026\t\t\t\t\t\t\t\t<\/div>\n\t\t\t\t<\/div>\n\t\t\t\t<div class=\"elementor-element elementor-element-dde2111 elementor-widget-mobile__width-inherit elementor-widget elementor-widget-text-editor\" data-id=\"dde2111\" data-element_type=\"widget\" data-e-type=\"widget\" data-widget_type=\"text-editor.default\">\n\t\t\t\t<div class=\"elementor-widget-container\">\n\t\t\t\t\t\t\t\t\tDernier jour avant la p\u00e9riode du car\u00eame autour duquel tous les carnavals tournent (de janvier \u00e0 avril)<\/div><\/div><\/div><\/div><\/div><\/div><\/div> <a href=\"https:\/\/patrimoinesinvisibles.com\/index.php\/2025\/06\/26\/mardi-gras-2026\/#more-1969\" class=\"more-link elementor-more-link\"><span aria-label=\"Continue reading Mardi Gras 2026\">(more&hellip;)<\/span><\/a>\t\t<div data-elementor-type=\"loop-item\" data-elementor-id=\"212\" class=\"elementor elementor-212 e-loop-item e-loop-item-1900 post-1900 post type-post status-publish format-standard hentry category-agenda\" data-elementor-post-type=\"elementor_library\" data-custom-edit-handle=\"1\">\n\t\t\t<div class=\"elementor-element elementor-element-6cc171f8 e-con-full e-flex e-con e-parent\" data-id=\"6cc171f8\" data-element_type=\"container\" data-e-type=\"container\">\n\t\t<div class=\"elementor-element elementor-element-518e1661 e-con-full e-flex e-con e-child\" data-id=\"518e1661\" data-element_type=\"container\" data-e-type=\"container\">\n\t\t\t\t<div class=\"elementor-element elementor-element-44b8e0fd elementor-widget-mobile__width-inherit elementor-widget__width-initial elementor-widget elementor-widget-text-editor\" data-id=\"44b8e0fd\" data-element_type=\"widget\" data-e-type=\"widget\" data-widget_type=\"text-editor.default\">\n\t\t\t\t<div class=\"elementor-widget-container\">\n\t\t\t\t\t\t\t\t\t28 novembre 2025\t\t\t\t\t\t\t\t<\/div>\n\t\t\t\t<\/div>\n\t\t<div class=\"elementor-element elementor-element-e3fd894 e-flex e-con-boxed e-con e-child\" data-id=\"e3fd894\" data-element_type=\"container\" data-e-type=\"container\">\n\t\t\t\t\t<div class=\"e-con-inner\">\n\t\t\t\t<div class=\"elementor-element elementor-element-4f83695c elementor-widget-mobile__width-inherit elementor-widget elementor-widget-text-editor\" data-id=\"4f83695c\" data-element_type=\"widget\" data-e-type=\"widget\" data-widget_type=\"text-editor.default\">\n\t\t\t\t<div class=\"elementor-widget-container\">\n\t\t\t\t\t\t\t\t\tSpectacle patoisant du r\u00e9seau d&#8217;acteurs pour la promotion du patois boulonnais\t\t\t\t\t\t\t\t<\/div>\n\t\t\t\t<\/div>\n\t\t\t\t<div class=\"elementor-element elementor-element-dde2111 elementor-widget-mobile__width-inherit elementor-widget elementor-widget-text-editor\" data-id=\"dde2111\" data-element_type=\"widget\" data-e-type=\"widget\" data-widget_type=\"text-editor.default\">\n\t\t\t\t<div class=\"elementor-widget-container\">\n\t\t\t\t\t\t\t\t\tSpectacle patoisant r\u00e9unissant les membres du r\u00e9seau d&#8217;acteurs pour la promotion du patois boulonnais port\u00e9 par la Soci\u00e9t\u00e9 Acad\u00e9mique du Boulonnais \u00e0 la Confiserie de Wimille (62126)<\/div><\/div><\/div><\/div><\/div><\/div><\/div> <a href=\"https:\/\/patrimoinesinvisibles.com\/index.php\/2025\/06\/24\/spectacle-patoisant-du-reseau-dacteurs-pour-la-promotion-du-patois-boulonnais\/#more-1900\" class=\"more-link elementor-more-link\"><span aria-label=\"Continue reading Spectacle patoisant du r\u00e9seau d&#8217;acteurs pour la promotion du patois boulonnais\">(more&hellip;)<\/span><\/a>\t\t<div data-elementor-type=\"loop-item\" data-elementor-id=\"212\" class=\"elementor elementor-212 e-loop-item e-loop-item-1941 post-1941 post type-post status-publish format-standard hentry category-agenda\" data-elementor-post-type=\"elementor_library\" data-custom-edit-handle=\"1\">\n\t\t\t<div class=\"elementor-element elementor-element-6cc171f8 e-con-full e-flex e-con e-parent\" data-id=\"6cc171f8\" data-element_type=\"container\" data-e-type=\"container\">\n\t\t<div class=\"elementor-element elementor-element-518e1661 e-con-full e-flex e-con e-child\" data-id=\"518e1661\" data-element_type=\"container\" data-e-type=\"container\">\n\t\t\t\t<div class=\"elementor-element elementor-element-44b8e0fd elementor-widget-mobile__width-inherit elementor-widget__width-initial elementor-widget elementor-widget-text-editor\" data-id=\"44b8e0fd\" data-element_type=\"widget\" data-e-type=\"widget\" data-widget_type=\"text-editor.default\">\n\t\t\t\t<div class=\"elementor-widget-container\">\n\t\t\t\t\t\t\t\t\t22 et 23 novembre 2025\t\t\t\t\t\t\t\t<\/div>\n\t\t\t\t<\/div>\n\t\t<div class=\"elementor-element elementor-element-e3fd894 e-flex e-con-boxed e-con e-child\" data-id=\"e3fd894\" data-element_type=\"container\" data-e-type=\"container\">\n\t\t\t\t\t<div class=\"e-con-inner\">\n\t\t\t\t<div class=\"elementor-element elementor-element-4f83695c elementor-widget-mobile__width-inherit elementor-widget elementor-widget-text-editor\" data-id=\"4f83695c\" data-element_type=\"widget\" data-e-type=\"widget\" data-widget_type=\"text-editor.default\">\n\t\t\t\t<div class=\"elementor-widget-container\">\n\t\t\t\t\t\t\t\t\tF\u00eate du Hareng-roi\t\t\t\t\t\t\t\t<\/div>\n\t\t\t\t<\/div>\n\t\t\t\t<div class=\"elementor-element elementor-element-dde2111 elementor-widget-mobile__width-inherit elementor-widget elementor-widget-text-editor\" data-id=\"dde2111\" data-element_type=\"widget\" data-e-type=\"widget\" data-widget_type=\"text-editor.default\">\n\t\t\t\t<div class=\"elementor-widget-container\">\n\t\t\t\t\t\t\t\t\t32\u00e8me f\u00eate du Hareng-Roi, organis\u00e9e par la ville d&#8217;Etaples (62630) et les Bon z&#8217;enfants d&#8217;Etaples, labellis\u00e9e &#8220;Plus belles f\u00eates de France&#8221;.<\/div><\/div><\/div><\/div><\/div><\/div><\/div> <a href=\"https:\/\/patrimoinesinvisibles.com\/index.php\/2025\/06\/24\/fete-du-hareng-roi\/#more-1941\" class=\"more-link elementor-more-link\"><span aria-label=\"Continue reading F\u00eate du Hareng-roi\">(more&hellip;)<\/span><\/a>\t\t<div data-elementor-type=\"loop-item\" data-elementor-id=\"212\" class=\"elementor elementor-212 e-loop-item e-loop-item-1898 post-1898 post type-post status-publish format-standard hentry category-agenda\" data-elementor-post-type=\"elementor_library\" data-custom-edit-handle=\"1\">\n\t\t\t<div class=\"elementor-element elementor-element-6cc171f8 e-con-full e-flex e-con e-parent\" data-id=\"6cc171f8\" data-element_type=\"container\" data-e-type=\"container\">\n\t\t<div class=\"elementor-element elementor-element-518e1661 e-con-full e-flex e-con e-child\" data-id=\"518e1661\" data-element_type=\"container\" data-e-type=\"container\">\n\t\t\t\t<div class=\"elementor-element elementor-element-44b8e0fd elementor-widget-mobile__width-inherit elementor-widget__width-initial elementor-widget elementor-widget-text-editor\" data-id=\"44b8e0fd\" data-element_type=\"widget\" data-e-type=\"widget\" data-widget_type=\"text-editor.default\">\n\t\t\t\t<div class=\"elementor-widget-container\">\n\t\t\t\t\t\t\t\t\tDu 20 septembre au 19 octobre 2025\t\t\t\t\t\t\t\t<\/div>\n\t\t\t\t<\/div>\n\t\t<div class=\"elementor-element elementor-element-e3fd894 e-flex e-con-boxed e-con e-child\" data-id=\"e3fd894\" data-element_type=\"container\" data-e-type=\"container\">\n\t\t\t\t\t<div class=\"e-con-inner\">\n\t\t\t\t<div class=\"elementor-element elementor-element-4f83695c elementor-widget-mobile__width-inherit elementor-widget elementor-widget-text-editor\" data-id=\"4f83695c\" data-element_type=\"widget\" data-e-type=\"widget\" data-widget_type=\"text-editor.default\">\n\t\t\t\t<div class=\"elementor-widget-container\">\n\t\t\t\t\t\t\t\t\tRevue patoisante de Boulogne-sur-Mer &#8220;Arr\u00eate ed&#8217;Braire !&#8221;\t\t\t\t\t\t\t\t<\/div>\n\t\t\t\t<\/div>\n\t\t\t\t<div class=\"elementor-element elementor-element-dde2111 elementor-widget-mobile__width-inherit elementor-widget elementor-widget-text-editor\" data-id=\"dde2111\" data-element_type=\"widget\" data-e-type=\"widget\" data-widget_type=\"text-editor.default\">\n\t\t\t\t<div class=\"elementor-widget-container\">\n\t\t\t\t\t\t\t\t\tRevue d&#8217;actualit\u00e9 patoisante &#8220;Arr\u00eate ed&#8217;braire&#8221; de Sylvie Danger et Dominique Pourre au th\u00e9\u00e2tre Monsigny de Boulogne-sur-Mer (62200)<\/div><\/div><\/div><\/div><\/div><\/div><\/div> <a href=\"https:\/\/patrimoinesinvisibles.com\/index.php\/2025\/06\/24\/revue-patoisante-de-boulogne-sur-mer-arrete-edbraire\/#more-1898\" class=\"more-link elementor-more-link\"><span aria-label=\"Continue reading Revue patoisante de Boulogne-sur-Mer &#8220;Arr\u00eate ed&#8217;Braire !&#8221;\">(more&hellip;)<\/span><\/a>\t\t<div data-elementor-type=\"loop-item\" data-elementor-id=\"212\" class=\"elementor elementor-212 e-loop-item e-loop-item-1896 post-1896 post type-post status-publish format-standard hentry category-agenda\" data-elementor-post-type=\"elementor_library\" data-custom-edit-handle=\"1\">\n\t\t\t<div class=\"elementor-element elementor-element-6cc171f8 e-con-full e-flex e-con e-parent\" data-id=\"6cc171f8\" data-element_type=\"container\" data-e-type=\"container\">\n\t\t<div class=\"elementor-element elementor-element-518e1661 e-con-full e-flex e-con e-child\" data-id=\"518e1661\" data-element_type=\"container\" data-e-type=\"container\">\n\t\t\t\t<div class=\"elementor-element elementor-element-44b8e0fd elementor-widget-mobile__width-inherit elementor-widget__width-initial elementor-widget elementor-widget-text-editor\" data-id=\"44b8e0fd\" data-element_type=\"widget\" data-e-type=\"widget\" data-widget_type=\"text-editor.default\">\n\t\t\t\t<div class=\"elementor-widget-container\">\n\t\t\t\t\t\t\t\t\tDu 19 au 21 septembre 2025\t\t\t\t\t\t\t\t<\/div>\n\t\t\t\t<\/div>\n\t\t<div class=\"elementor-element elementor-element-e3fd894 e-flex e-con-boxed e-con e-child\" data-id=\"e3fd894\" data-element_type=\"container\" data-e-type=\"container\">\n\t\t\t\t\t<div class=\"e-con-inner\">\n\t\t\t\t<div class=\"elementor-element elementor-element-4f83695c elementor-widget-mobile__width-inherit elementor-widget elementor-widget-text-editor\" data-id=\"4f83695c\" data-element_type=\"widget\" data-e-type=\"widget\" data-widget_type=\"text-editor.default\">\n\t\t\t\t<div class=\"elementor-widget-container\">\n\t\t\t\t\t\t\t\t\tJourn\u00e9es Europ\u00e9ennes du Patrimoine\t\t\t\t\t\t\t\t<\/div>\n\t\t\t\t<\/div>\n\t\t\t\t<div class=\"elementor-element elementor-element-dde2111 elementor-widget-mobile__width-inherit elementor-widget elementor-widget-text-editor\" data-id=\"dde2111\" data-element_type=\"widget\" data-e-type=\"widget\" data-widget_type=\"text-editor.default\">\n\t\t\t\t<div class=\"elementor-widget-container\">\n\t\t\t\t\t\t\t\t\tEdition 2025 sur le th\u00e8me du &#8220;Patrimoine architectural&#8221;<\/div><\/div><\/div><\/div><\/div><\/div><\/div> <a href=\"https:\/\/patrimoinesinvisibles.com\/index.php\/2025\/06\/24\/journees-europeennes-du-patrimoine\/#more-1896\" class=\"more-link elementor-more-link\"><span aria-label=\"Continue reading Journ\u00e9es Europ\u00e9ennes du Patrimoine\">(more&hellip;)<\/span><\/a>\t\t<div data-elementor-type=\"loop-item\" data-elementor-id=\"212\" class=\"elementor elementor-212 e-loop-item e-loop-item-1894 post-1894 post type-post status-publish format-standard hentry category-agenda category-peche\" data-elementor-post-type=\"elementor_library\" data-custom-edit-handle=\"1\">\n\t\t\t<div class=\"elementor-element elementor-element-6cc171f8 e-con-full e-flex e-con e-parent\" data-id=\"6cc171f8\" data-element_type=\"container\" data-e-type=\"container\">\n\t\t<div class=\"elementor-element elementor-element-518e1661 e-con-full e-flex e-con e-child\" data-id=\"518e1661\" data-element_type=\"container\" data-e-type=\"container\">\n\t\t\t\t<div class=\"elementor-element elementor-element-44b8e0fd elementor-widget-mobile__width-inherit elementor-widget__width-initial elementor-widget elementor-widget-text-editor\" data-id=\"44b8e0fd\" data-element_type=\"widget\" data-e-type=\"widget\" data-widget_type=\"text-editor.default\">\n\t\t\t\t<div class=\"elementor-widget-container\">\n\t\t\t\t\t\t\t\t\t14 et 15 septembre 2025\t\t\t\t\t\t\t\t<\/div>\n\t\t\t\t<\/div>\n\t\t<div class=\"elementor-element elementor-element-e3fd894 e-flex e-con-boxed e-con e-child\" data-id=\"e3fd894\" data-element_type=\"container\" data-e-type=\"container\">\n\t\t\t\t\t<div class=\"e-con-inner\">\n\t\t\t\t<div class=\"elementor-element elementor-element-4f83695c elementor-widget-mobile__width-inherit elementor-widget elementor-widget-text-editor\" data-id=\"4f83695c\" data-element_type=\"widget\" data-e-type=\"widget\" data-widget_type=\"text-editor.default\">\n\t\t\t\t<div class=\"elementor-widget-container\">\n\t\t\t\t\t\t\t\t\tF\u00eate de la Beuri\u00e8re\t\t\t\t\t\t\t\t<\/div>\n\t\t\t\t<\/div>\n\t\t\t\t<div class=\"elementor-element elementor-element-dde2111 elementor-widget-mobile__width-inherit elementor-widget elementor-widget-text-editor\" data-id=\"dde2111\" data-element_type=\"widget\" data-e-type=\"widget\" data-widget_type=\"text-editor.default\">\n\t\t\t\t<div class=\"elementor-widget-container\">\n\t\t\t\t\t\t\t\t\t31\u00e8me f\u00eate de la Beuri\u00e8re organis\u00e9e par les Soleils Boulonnais (62200)<\/div><\/div><\/div><\/div><\/div><\/div><\/div> <a href=\"https:\/\/patrimoinesinvisibles.com\/index.php\/2025\/06\/24\/fete-de-la-beuriere-2\/#more-1894\" class=\"more-link elementor-more-link\"><span aria-label=\"Continue reading F\u00eate de la Beuri\u00e8re\">(more&hellip;)<\/span><\/a>\t\t<div data-elementor-type=\"loop-item\" data-elementor-id=\"212\" class=\"elementor elementor-212 e-loop-item e-loop-item-1890 post-1890 post type-post status-publish format-standard hentry category-agenda\" data-elementor-post-type=\"elementor_library\" data-custom-edit-handle=\"1\">\n\t\t\t<div class=\"elementor-element elementor-element-6cc171f8 e-con-full e-flex e-con e-parent\" data-id=\"6cc171f8\" data-element_type=\"container\" data-e-type=\"container\">\n\t\t<div class=\"elementor-element elementor-element-518e1661 e-con-full e-flex e-con e-child\" data-id=\"518e1661\" data-element_type=\"container\" data-e-type=\"container\">\n\t\t\t\t<div class=\"elementor-element elementor-element-44b8e0fd elementor-widget-mobile__width-inherit elementor-widget__width-initial elementor-widget elementor-widget-text-editor\" data-id=\"44b8e0fd\" data-element_type=\"widget\" data-e-type=\"widget\" data-widget_type=\"text-editor.default\">\n\t\t\t\t<div class=\"elementor-widget-container\">\n\t\t\t\t\t\t\t\t\tDu 29 au 31 ao\u00fbt 2025\t\t\t\t\t\t\t\t<\/div>\n\t\t\t\t<\/div>\n\t\t<div class=\"elementor-element elementor-element-e3fd894 e-flex e-con-boxed e-con e-child\" data-id=\"e3fd894\" data-element_type=\"container\" data-e-type=\"container\">\n\t\t\t\t\t<div class=\"e-con-inner\">\n\t\t\t\t<div class=\"elementor-element elementor-element-4f83695c elementor-widget-mobile__width-inherit elementor-widget elementor-widget-text-editor\" data-id=\"4f83695c\" data-element_type=\"widget\" data-e-type=\"widget\" data-widget_type=\"text-editor.default\">\n\t\t\t\t<div class=\"elementor-widget-container\">\n\t\t\t\t\t\t\t\t\tEscale \u00e0 Calais 2025\t\t\t\t\t\t\t\t<\/div>\n\t\t\t\t<\/div>\n\t\t\t\t<div class=\"elementor-element elementor-element-dde2111 elementor-widget-mobile__width-inherit elementor-widget elementor-widget-text-editor\" data-id=\"dde2111\" data-element_type=\"widget\" data-e-type=\"widget\" data-widget_type=\"text-editor.default\">\n\t\t\t\t<div class=\"elementor-widget-container\">\n\t\t\t\t\t\t\t\t\tFestival maritime avec rassemblement de navires \u00e0 Calais (62100)<\/div><\/div><\/div><\/div><\/div><\/div><\/div> <a href=\"https:\/\/patrimoinesinvisibles.com\/index.php\/2025\/06\/24\/escale-a-calais-2025\/#more-1890\" class=\"more-link elementor-more-link\"><span aria-label=\"Continue reading Escale \u00e0 Calais 2025\">(more&hellip;)<\/span><\/a>\t\t<div data-elementor-type=\"loop-item\" data-elementor-id=\"212\" class=\"elementor elementor-212 e-loop-item e-loop-item-1905 post-1905 post type-post status-publish format-standard hentry category-agenda\" data-elementor-post-type=\"elementor_library\" data-custom-edit-handle=\"1\">\n\t\t\t<div class=\"elementor-element elementor-element-6cc171f8 e-con-full e-flex e-con e-parent\" data-id=\"6cc171f8\" data-element_type=\"container\" data-e-type=\"container\">\n\t\t<div class=\"elementor-element elementor-element-518e1661 e-con-full e-flex e-con e-child\" data-id=\"518e1661\" data-element_type=\"container\" data-e-type=\"container\">\n\t\t\t\t<div class=\"elementor-element elementor-element-44b8e0fd elementor-widget-mobile__width-inherit elementor-widget__width-initial elementor-widget elementor-widget-text-editor\" data-id=\"44b8e0fd\" data-element_type=\"widget\" data-e-type=\"widget\" data-widget_type=\"text-editor.default\">\n\t\t\t\t<div class=\"elementor-widget-container\">\n\t\t\t\t\t\t\t\t\tDu 23 au 25 ao\u00fbt 2025\t\t\t\t\t\t\t\t<\/div>\n\t\t\t\t<\/div>\n\t\t<div class=\"elementor-element elementor-element-e3fd894 e-flex e-con-boxed e-con e-child\" data-id=\"e3fd894\" data-element_type=\"container\" data-e-type=\"container\">\n\t\t\t\t\t<div class=\"e-con-inner\">\n\t\t\t\t<div class=\"elementor-element elementor-element-4f83695c elementor-widget-mobile__width-inherit elementor-widget elementor-widget-text-editor\" data-id=\"4f83695c\" data-element_type=\"widget\" data-e-type=\"widget\" data-widget_type=\"text-editor.default\">\n\t\t\t\t<div class=\"elementor-widget-container\">\n\t\t\t\t\t\t\t\t\tF\u00eate du Flobart de Wissant\t\t\t\t\t\t\t\t<\/div>\n\t\t\t\t<\/div>\n\t\t\t\t<div class=\"elementor-element elementor-element-dde2111 elementor-widget-mobile__width-inherit elementor-widget elementor-widget-text-editor\" data-id=\"dde2111\" data-element_type=\"widget\" data-e-type=\"widget\" data-widget_type=\"text-editor.default\">\n\t\t\t\t<div class=\"elementor-widget-container\">\n\t\t\t\t\t\t\t\t\t35\u00e8me \u00e9dition de la f\u00eate du Flobart de Wissant (62179) organis\u00e9e par le Comit\u00e9 de F\u00eates<\/div><\/div><\/div><\/div><\/div><\/div><\/div> <a href=\"https:\/\/patrimoinesinvisibles.com\/index.php\/2025\/06\/24\/fete-du-flobart-de-wissant\/#more-1905\" class=\"more-link elementor-more-link\"><span aria-label=\"Continue reading F\u00eate du Flobart de Wissant\">(more&hellip;)<\/span><\/a>\t\t<div data-elementor-type=\"loop-item\" data-elementor-id=\"212\" class=\"elementor elementor-212 e-loop-item e-loop-item-1888 post-1888 post type-post status-publish format-standard hentry category-agenda\" data-elementor-post-type=\"elementor_library\" data-custom-edit-handle=\"1\">\n\t\t\t<div class=\"elementor-element elementor-element-6cc171f8 e-con-full e-flex e-con e-parent\" data-id=\"6cc171f8\" data-element_type=\"container\" data-e-type=\"container\">\n\t\t<div class=\"elementor-element elementor-element-518e1661 e-con-full e-flex e-con e-child\" data-id=\"518e1661\" data-element_type=\"container\" data-e-type=\"container\">\n\t\t\t\t<div class=\"elementor-element elementor-element-44b8e0fd elementor-widget-mobile__width-inherit elementor-widget__width-initial elementor-widget elementor-widget-text-editor\" data-id=\"44b8e0fd\" data-element_type=\"widget\" data-e-type=\"widget\" data-widget_type=\"text-editor.default\">\n\t\t\t\t<div class=\"elementor-widget-container\">\n\t\t\t\t\t\t\t\t\tDu 21 au 24 ao\u00fbt 2025\t\t\t\t\t\t\t\t<\/div>\n\t\t\t\t<\/div>\n\t\t<div class=\"elementor-element elementor-element-e3fd894 e-flex e-con-boxed e-con e-child\" data-id=\"e3fd894\" data-element_type=\"container\" data-e-type=\"container\">\n\t\t\t\t\t<div class=\"e-con-inner\">\n\t\t\t\t<div class=\"elementor-element elementor-element-4f83695c elementor-widget-mobile__width-inherit elementor-widget elementor-widget-text-editor\" data-id=\"4f83695c\" data-element_type=\"widget\" data-e-type=\"widget\" data-widget_type=\"text-editor.default\">\n\t\t\t\t<div class=\"elementor-widget-container\">\n\t\t\t\t\t\t\t\t\tSon &amp; Lumi\u00e8re &#8220;Vauban, la Citadelle&#8221;\t\t\t\t\t\t\t\t<\/div>\n\t\t\t\t<\/div>\n\t\t\t\t<div class=\"elementor-element elementor-element-dde2111 elementor-widget-mobile__width-inherit elementor-widget elementor-widget-text-editor\" data-id=\"dde2111\" data-element_type=\"widget\" data-e-type=\"widget\" data-widget_type=\"text-editor.default\">\n\t\t\t\t<div class=\"elementor-widget-container\">\n\t\t\t\t\t\t\t\t\tSpectacle historique immersif &#8220;Vauban, la Citadelle&#8221; \u00e0 Arras (62000)<\/div><\/div><\/div><\/div><\/div><\/div><\/div> <a href=\"https:\/\/patrimoinesinvisibles.com\/index.php\/2025\/06\/24\/son-lumiere-vauban-la-citadelle\/#more-1888\" class=\"more-link elementor-more-link\"><span aria-label=\"Continue reading Son &amp; Lumi\u00e8re &#8220;Vauban, la Citadelle&#8221;\">(more&hellip;)<\/span><\/a>\t\t<div data-elementor-type=\"loop-item\" data-elementor-id=\"212\" class=\"elementor elementor-212 e-loop-item e-loop-item-1886 post-1886 post type-post status-publish format-standard hentry category-agenda\" data-elementor-post-type=\"elementor_library\" data-custom-edit-handle=\"1\">\n\t\t\t<div class=\"elementor-element elementor-element-6cc171f8 e-con-full e-flex e-con e-parent\" data-id=\"6cc171f8\" data-element_type=\"container\" data-e-type=\"container\">\n\t\t<div class=\"elementor-element elementor-element-518e1661 e-con-full e-flex e-con e-child\" data-id=\"518e1661\" data-element_type=\"container\" data-e-type=\"container\">\n\t\t\t\t<div class=\"elementor-element elementor-element-44b8e0fd elementor-widget-mobile__width-inherit elementor-widget__width-initial elementor-widget elementor-widget-text-editor\" data-id=\"44b8e0fd\" data-element_type=\"widget\" data-e-type=\"widget\" data-widget_type=\"text-editor.default\">\n\t\t\t\t<div class=\"elementor-widget-container\">\n\t\t\t\t\t\t\t\t\tDu 15 au 17 ao\u00fbt 2025\t\t\t\t\t\t\t\t<\/div>\n\t\t\t\t<\/div>\n\t\t<div class=\"elementor-element elementor-element-e3fd894 e-flex e-con-boxed e-con e-child\" data-id=\"e3fd894\" data-element_type=\"container\" data-e-type=\"container\">\n\t\t\t\t\t<div class=\"e-con-inner\">\n\t\t\t\t<div class=\"elementor-element elementor-element-4f83695c elementor-widget-mobile__width-inherit elementor-widget elementor-widget-text-editor\" data-id=\"4f83695c\" data-element_type=\"widget\" data-e-type=\"widget\" data-widget_type=\"text-editor.default\">\n\t\t\t\t<div class=\"elementor-widget-container\">\n\t\t\t\t\t\t\t\t\tB\u00e9n\u00e9dictions de la mer de l&#8217;Assomption\t\t\t\t\t\t\t\t<\/div>\n\t\t\t\t<\/div>\n\t\t\t\t<div class=\"elementor-element elementor-element-dde2111 elementor-widget-mobile__width-inherit elementor-widget elementor-widget-text-editor\" data-id=\"dde2111\" data-element_type=\"widget\" data-e-type=\"widget\" data-widget_type=\"text-editor.default\">\n\t\t\t\t<div class=\"elementor-widget-container\">\n\t\t\t\t\t\t\t\t\tProcessions et b\u00e9n\u00e9dictions de la mer (sortie des tenues traditionnelles) \u00e0 Etaples-sur-Mer (62630), Audresselles (62164) et Berck-sur-Mer (62600)<\/div><\/div><\/div><\/div><\/div><\/div><\/div> <a href=\"https:\/\/patrimoinesinvisibles.com\/index.php\/2025\/06\/24\/benedictions-de-la-mer-de-lassomption\/#more-1886\" class=\"more-link elementor-more-link\"><span aria-label=\"Continue reading B\u00e9n\u00e9dictions de la mer de l&#8217;Assomption\">(more&hellip;)<\/span><\/a>\t\t<div data-elementor-type=\"loop-item\" data-elementor-id=\"212\" class=\"elementor elementor-212 e-loop-item e-loop-item-1884 post-1884 post type-post status-publish format-standard hentry category-agenda\" data-elementor-post-type=\"elementor_library\" data-custom-edit-handle=\"1\">\n\t\t\t<div class=\"elementor-element elementor-element-6cc171f8 e-con-full e-flex e-con e-parent\" data-id=\"6cc171f8\" data-element_type=\"container\" data-e-type=\"container\">\n\t\t<div class=\"elementor-element elementor-element-518e1661 e-con-full e-flex e-con e-child\" data-id=\"518e1661\" data-element_type=\"container\" data-e-type=\"container\">\n\t\t\t\t<div class=\"elementor-element elementor-element-44b8e0fd elementor-widget-mobile__width-inherit elementor-widget__width-initial elementor-widget elementor-widget-text-editor\" data-id=\"44b8e0fd\" data-element_type=\"widget\" data-e-type=\"widget\" data-widget_type=\"text-editor.default\">\n\t\t\t\t<div class=\"elementor-widget-container\">\n\t\t\t\t\t\t\t\t\tDu 7 au 10 ao\u00fbt 2025\t\t\t\t\t\t\t\t<\/div>\n\t\t\t\t<\/div>\n\t\t<div class=\"elementor-element elementor-element-e3fd894 e-flex e-con-boxed e-con e-child\" data-id=\"e3fd894\" data-element_type=\"container\" data-e-type=\"container\">\n\t\t\t\t\t<div class=\"e-con-inner\">\n\t\t\t\t<div class=\"elementor-element elementor-element-4f83695c elementor-widget-mobile__width-inherit elementor-widget elementor-widget-text-editor\" data-id=\"4f83695c\" data-element_type=\"widget\" data-e-type=\"widget\" data-widget_type=\"text-editor.default\">\n\t\t\t\t<div class=\"elementor-widget-container\">\n\t\t\t\t\t\t\t\t\tSon &amp; Lumi\u00e8re &#8220;Le prisonnier du Temps&#8221;\t\t\t\t\t\t\t\t<\/div>\n\t\t\t\t<\/div>\n\t\t\t\t<div class=\"elementor-element elementor-element-dde2111 elementor-widget-mobile__width-inherit elementor-widget elementor-widget-text-editor\" data-id=\"dde2111\" data-element_type=\"widget\" data-e-type=\"widget\" data-widget_type=\"text-editor.default\">\n\t\t\t\t<div class=\"elementor-widget-container\">\n\t\t\t\t\t\t\t\t\tSon &amp; Lumi\u00e8re Historique &#8220;Le prisonnier du Temps&#8221; \u00e0 Maresquel-Ecquemicourt (62990)<\/div><\/div><\/div><\/div><\/div><\/div><\/div> <a href=\"https:\/\/patrimoinesinvisibles.com\/index.php\/2025\/06\/24\/son-lumiere-le-prisonnier-du-temps\/#more-1884\" class=\"more-link elementor-more-link\"><span aria-label=\"Continue reading Son &amp; Lumi\u00e8re &#8220;Le prisonnier du Temps&#8221;\">(more&hellip;)<\/span><\/a>\t\t<div data-elementor-type=\"loop-item\" data-elementor-id=\"212\" class=\"elementor elementor-212 e-loop-item e-loop-item-1882 post-1882 post type-post status-publish format-standard hentry category-agenda\" data-elementor-post-type=\"elementor_library\" data-custom-edit-handle=\"1\">\n\t\t\t<div class=\"elementor-element elementor-element-6cc171f8 e-con-full e-flex e-con e-parent\" data-id=\"6cc171f8\" data-element_type=\"container\" data-e-type=\"container\">\n\t\t<div class=\"elementor-element elementor-element-518e1661 e-con-full e-flex e-con e-child\" data-id=\"518e1661\" data-element_type=\"container\" data-e-type=\"container\">\n\t\t\t\t<div class=\"elementor-element elementor-element-44b8e0fd elementor-widget-mobile__width-inherit elementor-widget__width-initial elementor-widget elementor-widget-text-editor\" data-id=\"44b8e0fd\" data-element_type=\"widget\" data-e-type=\"widget\" data-widget_type=\"text-editor.default\">\n\t\t\t\t<div class=\"elementor-widget-container\">\n\t\t\t\t\t\t\t\t\t9 et 10 ao\u00fbt 2025\t\t\t\t\t\t\t\t<\/div>\n\t\t\t\t<\/div>\n\t\t<div class=\"elementor-element elementor-element-e3fd894 e-flex e-con-boxed e-con e-child\" data-id=\"e3fd894\" data-element_type=\"container\" data-e-type=\"container\">\n\t\t\t\t\t<div class=\"e-con-inner\">\n\t\t\t\t<div class=\"elementor-element elementor-element-4f83695c elementor-widget-mobile__width-inherit elementor-widget elementor-widget-text-editor\" data-id=\"4f83695c\" data-element_type=\"widget\" data-e-type=\"widget\" data-widget_type=\"text-editor.default\">\n\t\t\t\t<div class=\"elementor-widget-container\">\n\t\t\t\t\t\t\t\t\tLes flobarts en f\u00eate \u00e0 Ambleteuse\t\t\t\t\t\t\t\t<\/div>\n\t\t\t\t<\/div>\n\t\t\t\t<div class=\"elementor-element elementor-element-dde2111 elementor-widget-mobile__width-inherit elementor-widget elementor-widget-text-editor\" data-id=\"dde2111\" data-element_type=\"widget\" data-e-type=\"widget\" data-widget_type=\"text-editor.default\">\n\t\t\t\t<div class=\"elementor-widget-container\">\n\t\t\t\t\t\t\t\t\tWeek-end festif autour des <a href=\"https:\/\/patrimoinesinvisibles.com\/index.php\/2025\/06\/23\/le-flobart-le-navire-emblematique-de-la-cote-dopale\/\">flobarts<\/a> et des traditions maritimes de la C\u00f4te d&#8217;Opale \u00e0 Ambleteuse (62164\u00e0<\/div><\/div><\/div><\/div><\/div><\/div><\/div> <a href=\"https:\/\/patrimoinesinvisibles.com\/index.php\/2025\/06\/24\/les-flobarts-en-fete-a-ambleteuse\/#more-1882\" class=\"more-link elementor-more-link\"><span aria-label=\"Continue reading Les flobarts en f\u00eate \u00e0 Ambleteuse\">(more&hellip;)<\/span><\/a>\t\t<div data-elementor-type=\"loop-item\" data-elementor-id=\"212\" class=\"elementor elementor-212 e-loop-item e-loop-item-1880 post-1880 post type-post status-publish format-standard hentry category-agenda\" data-elementor-post-type=\"elementor_library\" data-custom-edit-handle=\"1\">\n\t\t\t<div class=\"elementor-element elementor-element-6cc171f8 e-con-full e-flex e-con e-parent\" data-id=\"6cc171f8\" data-element_type=\"container\" data-e-type=\"container\">\n\t\t<div class=\"elementor-element elementor-element-518e1661 e-con-full e-flex e-con e-child\" data-id=\"518e1661\" data-element_type=\"container\" data-e-type=\"container\">\n\t\t\t\t<div class=\"elementor-element elementor-element-44b8e0fd elementor-widget-mobile__width-inherit elementor-widget__width-initial elementor-widget elementor-widget-text-editor\" data-id=\"44b8e0fd\" data-element_type=\"widget\" data-e-type=\"widget\" data-widget_type=\"text-editor.default\">\n\t\t\t\t<div class=\"elementor-widget-container\">\n\t\t\t\t\t\t\t\t\tDu 25 au 28 juillet et du 1er au 04 ao\u00fbt 2025\t\t\t\t\t\t\t\t<\/div>\n\t\t\t\t<\/div>\n\t\t<div class=\"elementor-element elementor-element-e3fd894 e-flex e-con-boxed e-con e-child\" data-id=\"e3fd894\" data-element_type=\"container\" data-e-type=\"container\">\n\t\t\t\t\t<div class=\"e-con-inner\">\n\t\t\t\t<div class=\"elementor-element elementor-element-4f83695c elementor-widget-mobile__width-inherit elementor-widget elementor-widget-text-editor\" data-id=\"4f83695c\" data-element_type=\"widget\" data-e-type=\"widget\" data-widget_type=\"text-editor.default\">\n\t\t\t\t<div class=\"elementor-widget-container\">\n\t\t\t\t\t\t\t\t\tSon &amp; Lumi\u00e8re &#8220;Juliette et les Mis\u00e9rables&#8221;\t\t\t\t\t\t\t\t<\/div>\n\t\t\t\t<\/div>\n\t\t\t\t<div class=\"elementor-element elementor-element-dde2111 elementor-widget-mobile__width-inherit elementor-widget elementor-widget-text-editor\" data-id=\"dde2111\" data-element_type=\"widget\" data-e-type=\"widget\" data-widget_type=\"text-editor.default\">\n\t\t\t\t<div class=\"elementor-widget-container\">\n\t\t\t\t\t\t\t\t\tSon &amp; Lumi\u00e8re &#8220;Juliette et les Mis\u00e9rables&#8221; \u00e0 Montreuil-sur-Mer (62170)<\/div><\/div><\/div><\/div><\/div><\/div><\/div> <a href=\"https:\/\/patrimoinesinvisibles.com\/index.php\/2025\/06\/24\/son-lumiere-juliette-et-les-miserables\/#more-1880\" class=\"more-link elementor-more-link\"><span aria-label=\"Continue reading Son &amp; Lumi\u00e8re &#8220;Juliette et les Mis\u00e9rables&#8221;\">(more&hellip;)<\/span><\/a>\t\t<div data-elementor-type=\"loop-item\" data-elementor-id=\"212\" class=\"elementor elementor-212 e-loop-item e-loop-item-1876 post-1876 post type-post status-publish format-standard hentry category-agenda\" data-elementor-post-type=\"elementor_library\" data-custom-edit-handle=\"1\">\n\t\t\t<div class=\"elementor-element elementor-element-6cc171f8 e-con-full e-flex e-con e-parent\" data-id=\"6cc171f8\" data-element_type=\"container\" data-e-type=\"container\">\n\t\t<div class=\"elementor-element elementor-element-518e1661 e-con-full e-flex e-con e-child\" data-id=\"518e1661\" data-element_type=\"container\" data-e-type=\"container\">\n\t\t\t\t<div class=\"elementor-element elementor-element-44b8e0fd elementor-widget-mobile__width-inherit elementor-widget__width-initial elementor-widget elementor-widget-text-editor\" data-id=\"44b8e0fd\" data-element_type=\"widget\" data-e-type=\"widget\" data-widget_type=\"text-editor.default\">\n\t\t\t\t<div class=\"elementor-widget-container\">\n\t\t\t\t\t\t\t\t\tDu 30 juin au 13 juillet 2025\t\t\t\t\t\t\t\t<\/div>\n\t\t\t\t<\/div>\n\t\t<div class=\"elementor-element elementor-element-e3fd894 e-flex e-con-boxed e-con e-child\" data-id=\"e3fd894\" data-element_type=\"container\" data-e-type=\"container\">\n\t\t\t\t\t<div class=\"e-con-inner\">\n\t\t\t\t<div class=\"elementor-element elementor-element-4f83695c elementor-widget-mobile__width-inherit elementor-widget elementor-widget-text-editor\" data-id=\"4f83695c\" data-element_type=\"widget\" data-e-type=\"widget\" data-widget_type=\"text-editor.default\">\n\t\t\t\t<div class=\"elementor-widget-container\">\n\t\t\t\t\t\t\t\t\tF\u00eates de Gayant\t\t\t\t\t\t\t\t<\/div>\n\t\t\t\t<\/div>\n\t\t\t\t<div class=\"elementor-element elementor-element-dde2111 elementor-widget-mobile__width-inherit elementor-widget elementor-widget-text-editor\" data-id=\"dde2111\" data-element_type=\"widget\" data-e-type=\"widget\" data-widget_type=\"text-editor.default\">\n\t\t\t\t<div class=\"elementor-widget-container\">\n\t\t\t\t\t\t\t\t\tFestivit\u00e9s et sorties des annuelle des g\u00e9ants de Douai (59500)<\/div><\/div><\/div><\/div><\/div><\/div><\/div> <a href=\"https:\/\/patrimoinesinvisibles.com\/index.php\/2025\/06\/24\/fetes-de-gayant\/#more-1876\" class=\"more-link elementor-more-link\"><span aria-label=\"Continue reading F\u00eates de Gayant\">(more&hellip;)<\/span><\/a>\t\t<div data-elementor-type=\"loop-item\" data-elementor-id=\"212\" class=\"elementor elementor-212 e-loop-item e-loop-item-1874 post-1874 post type-post status-publish format-standard hentry category-agenda\" data-elementor-post-type=\"elementor_library\" data-custom-edit-handle=\"1\">\n\t\t\t<div class=\"elementor-element elementor-element-6cc171f8 e-con-full e-flex e-con e-parent\" data-id=\"6cc171f8\" data-element_type=\"container\" data-e-type=\"container\">\n\t\t<div class=\"elementor-element elementor-element-518e1661 e-con-full e-flex e-con e-child\" data-id=\"518e1661\" data-element_type=\"container\" data-e-type=\"container\">\n\t\t\t\t<div class=\"elementor-element elementor-element-44b8e0fd elementor-widget-mobile__width-inherit elementor-widget__width-initial elementor-widget elementor-widget-text-editor\" data-id=\"44b8e0fd\" data-element_type=\"widget\" data-e-type=\"widget\" data-widget_type=\"text-editor.default\">\n\t\t\t\t<div class=\"elementor-widget-container\">\n\t\t\t\t\t\t\t\t\t5 juillet 2025\t\t\t\t\t\t\t\t<\/div>\n\t\t\t\t<\/div>\n\t\t<div class=\"elementor-element elementor-element-e3fd894 e-flex e-con-boxed e-con e-child\" data-id=\"e3fd894\" data-element_type=\"container\" data-e-type=\"container\">\n\t\t\t\t\t<div class=\"e-con-inner\">\n\t\t\t\t<div class=\"elementor-element elementor-element-4f83695c elementor-widget-mobile__width-inherit elementor-widget elementor-widget-text-editor\" data-id=\"4f83695c\" data-element_type=\"widget\" data-e-type=\"widget\" data-widget_type=\"text-editor.default\">\n\t\t\t\t<div class=\"elementor-widget-container\">\n\t\t\t\t\t\t\t\t\tF\u00eate de la flotille et des traditions maritimes porteloises\t\t\t\t\t\t\t\t<\/div>\n\t\t\t\t<\/div>\n\t\t\t\t<div class=\"elementor-element elementor-element-dde2111 elementor-widget-mobile__width-inherit elementor-widget elementor-widget-text-editor\" data-id=\"dde2111\" data-element_type=\"widget\" data-e-type=\"widget\" data-widget_type=\"text-editor.default\">\n\t\t\t\t<div class=\"elementor-widget-container\">\n\t\t\t\t\t\t\t\t\tStands, concerts et d\u00e9gustations \u00e0 la descente de plage de Le Portel (62480) <\/div><\/div><\/div><\/div><\/div><\/div><\/div> <a href=\"https:\/\/patrimoinesinvisibles.com\/index.php\/2025\/06\/24\/fete-de-la-flotille-et-des-traditions-maritimes-porteloises\/#more-1874\" class=\"more-link elementor-more-link\"><span aria-label=\"Continue reading F\u00eate de la flotille et des traditions maritimes porteloises\">(more&hellip;)<\/span><\/a>\t\t<div data-elementor-type=\"loop-item\" data-elementor-id=\"212\" class=\"elementor elementor-212 e-loop-item e-loop-item-1872 post-1872 post type-post status-publish format-standard hentry category-agenda\" data-elementor-post-type=\"elementor_library\" data-custom-edit-handle=\"1\">\n\t\t\t<div class=\"elementor-element elementor-element-6cc171f8 e-con-full e-flex e-con e-parent\" data-id=\"6cc171f8\" data-element_type=\"container\" data-e-type=\"container\">\n\t\t<div class=\"elementor-element elementor-element-518e1661 e-con-full e-flex e-con e-child\" data-id=\"518e1661\" data-element_type=\"container\" data-e-type=\"container\">\n\t\t\t\t<div class=\"elementor-element elementor-element-44b8e0fd elementor-widget-mobile__width-inherit elementor-widget__width-initial elementor-widget elementor-widget-text-editor\" data-id=\"44b8e0fd\" data-element_type=\"widget\" data-e-type=\"widget\" data-widget_type=\"text-editor.default\">\n\t\t\t\t<div class=\"elementor-widget-container\">\n\t\t\t\t\t\t\t\t\t29 juin 2025\t\t\t\t\t\t\t\t<\/div>\n\t\t\t\t<\/div>\n\t\t<div class=\"elementor-element elementor-element-e3fd894 e-flex e-con-boxed e-con e-child\" data-id=\"e3fd894\" data-element_type=\"container\" data-e-type=\"container\">\n\t\t\t\t\t<div class=\"e-con-inner\">\n\t\t\t\t<div class=\"elementor-element elementor-element-4f83695c elementor-widget-mobile__width-inherit elementor-widget elementor-widget-text-editor\" data-id=\"4f83695c\" data-element_type=\"widget\" data-e-type=\"widget\" data-widget_type=\"text-editor.default\">\n\t\t\t\t<div class=\"elementor-widget-container\">\n\t\t\t\t\t\t\t\t\tB\u00e9n\u00e9diction de la mer \u00e0 Le Portel\t\t\t\t\t\t\t\t<\/div>\n\t\t\t\t<\/div>\n\t\t\t\t<div class=\"elementor-element elementor-element-dde2111 elementor-widget-mobile__width-inherit elementor-widget elementor-widget-text-editor\" data-id=\"dde2111\" data-element_type=\"widget\" data-e-type=\"widget\" data-widget_type=\"text-editor.default\">\n\t\t\t\t<div class=\"elementor-widget-container\">\n\t\t\t\t\t\t\t\t\tB\u00e9n\u00e9diction de la mer, procession en tenues traditionnelles \u00e0 Le Portel (62480)<\/div><\/div><\/div><\/div><\/div><\/div><\/div> <a href=\"https:\/\/patrimoinesinvisibles.com\/index.php\/2025\/06\/24\/benediction-de-la-mer-a-le-portel\/#more-1872\" class=\"more-link elementor-more-link\"><span aria-label=\"Continue reading B\u00e9n\u00e9diction de la mer \u00e0 Le Portel\">(more&hellip;)<\/span><\/a>\t\t<div data-elementor-type=\"loop-item\" data-elementor-id=\"212\" class=\"elementor elementor-212 e-loop-item e-loop-item-1869 post-1869 post type-post status-publish format-standard hentry category-agenda\" data-elementor-post-type=\"elementor_library\" data-custom-edit-handle=\"1\">\n\t\t\t<div class=\"elementor-element elementor-element-6cc171f8 e-con-full e-flex e-con e-parent\" data-id=\"6cc171f8\" data-element_type=\"container\" data-e-type=\"container\">\n\t\t<div class=\"elementor-element elementor-element-518e1661 e-con-full e-flex e-con e-child\" data-id=\"518e1661\" data-element_type=\"container\" data-e-type=\"container\">\n\t\t\t\t<div class=\"elementor-element elementor-element-44b8e0fd elementor-widget-mobile__width-inherit elementor-widget__width-initial elementor-widget elementor-widget-text-editor\" data-id=\"44b8e0fd\" data-element_type=\"widget\" data-e-type=\"widget\" data-widget_type=\"text-editor.default\">\n\t\t\t\t<div class=\"elementor-widget-container\">\n\t\t\t\t\t\t\t\t\t27, 28 juin et 04 et 05 juillet 2025\t\t\t\t\t\t\t\t<\/div>\n\t\t\t\t<\/div>\n\t\t<div class=\"elementor-element elementor-element-e3fd894 e-flex e-con-boxed e-con e-child\" data-id=\"e3fd894\" data-element_type=\"container\" data-e-type=\"container\">\n\t\t\t\t\t<div class=\"e-con-inner\">\n\t\t\t\t<div class=\"elementor-element elementor-element-4f83695c elementor-widget-mobile__width-inherit elementor-widget elementor-widget-text-editor\" data-id=\"4f83695c\" data-element_type=\"widget\" data-e-type=\"widget\" data-widget_type=\"text-editor.default\">\n\t\t\t\t<div class=\"elementor-widget-container\">\n\t\t\t\t\t\t\t\t\tSon &amp; Lumi\u00e8re &#8220;Les reflets du Temps&#8221;\t\t\t\t\t\t\t\t<\/div>\n\t\t\t\t<\/div>\n\t\t\t\t<div class=\"elementor-element elementor-element-dde2111 elementor-widget-mobile__width-inherit elementor-widget elementor-widget-text-editor\" data-id=\"dde2111\" data-element_type=\"widget\" data-e-type=\"widget\" data-widget_type=\"text-editor.default\">\n\t\t\t\t<div class=\"elementor-widget-container\">\n\t\t\t\t\t\t\t\t\tSon &amp; Lumi\u00e8re Historique &#8220;Les reflets du temps&#8221; \u00e0 Lestrem (62136)<\/div><\/div><\/div><\/div><\/div><\/div><\/div> <a href=\"https:\/\/patrimoinesinvisibles.com\/index.php\/2025\/06\/24\/son-lumiere-les-reflets-du-temps\/#more-1869\" class=\"more-link elementor-more-link\"><span aria-label=\"Continue reading Son &amp; Lumi\u00e8re &#8220;Les reflets du Temps&#8221;\">(more&hellip;)<\/span><\/a>\t\t<div data-elementor-type=\"loop-item\" data-elementor-id=\"212\" class=\"elementor elementor-212 e-loop-item e-loop-item-1619 post-1619 post type-post status-publish format-standard has-post-thumbnail hentry category-agenda category-fetes category-patrimoines\" data-elementor-post-type=\"elementor_library\" data-custom-edit-handle=\"1\">\n\t\t\t<div class=\"elementor-element elementor-element-6cc171f8 e-con-full e-flex e-con e-parent\" data-id=\"6cc171f8\" data-element_type=\"container\" data-e-type=\"container\">\n\t\t<div class=\"elementor-element elementor-element-518e1661 e-con-full e-flex e-con e-child\" data-id=\"518e1661\" data-element_type=\"container\" data-e-type=\"container\">\n\t\t\t\t<div class=\"elementor-element elementor-element-44b8e0fd elementor-widget-mobile__width-inherit elementor-widget__width-initial elementor-widget elementor-widget-text-editor\" data-id=\"44b8e0fd\" data-element_type=\"widget\" data-e-type=\"widget\" data-widget_type=\"text-editor.default\">\n\t\t\t\t<div class=\"elementor-widget-container\">\n\t\t\t\t\t\t\t\t\tDu 15 au 17 ao\u00fbt 2025\t\t\t\t\t\t\t\t<\/div>\n\t\t\t\t<\/div>\n\t\t<div class=\"elementor-element elementor-element-e3fd894 e-flex e-con-boxed e-con e-child\" data-id=\"e3fd894\" data-element_type=\"container\" data-e-type=\"container\">\n\t\t\t\t\t<div class=\"e-con-inner\">\n\t\t\t\t<div class=\"elementor-element elementor-element-4f83695c elementor-widget-mobile__width-inherit elementor-widget elementor-widget-text-editor\" data-id=\"4f83695c\" data-element_type=\"widget\" data-e-type=\"widget\" data-widget_type=\"text-editor.default\">\n\t\t\t\t<div class=\"elementor-widget-container\">\n\t\t\t\t\t\t\t\t\tLes b\u00e9n\u00e9dictions de la mer sur la C\u00f4te d&#8217;Opale\t\t\t\t\t\t\t\t<\/div>\n\t\t\t\t<\/div>\n\t\t\t\t<div class=\"elementor-element elementor-element-dde2111 elementor-widget-mobile__width-inherit elementor-widget elementor-widget-text-editor\" data-id=\"dde2111\" data-element_type=\"widget\" data-e-type=\"widget\" data-widget_type=\"text-editor.default\">\n\t\t\t\t<div class=\"elementor-widget-container\">\n\t\t\t\t\t\t\t\t\tB\u00e9n\u00e9dictions de la mer \u00e0 Berck (62600), Audresselles (62164), Merlimont (62155) le 15 ao\u00fbt. A Etaples-sur-Mer (62630) le dimanche 17 ao\u00fbt. <\/div><\/div><\/div><\/div><\/div><\/div><\/div> <a href=\"https:\/\/patrimoinesinvisibles.com\/index.php\/2025\/06\/06\/les-benedictions-de-la-mer-sur-la-cote-dopale\/#more-1619\" class=\"more-link elementor-more-link\"><span aria-label=\"Continue reading Les b\u00e9n\u00e9dictions de la mer sur la C\u00f4te d&#8217;Opale\">(more&hellip;)<\/span><\/a>\t\t<div data-elementor-type=\"loop-item\" data-elementor-id=\"212\" class=\"elementor elementor-212 e-loop-item e-loop-item-1184 post-1184 post type-post status-publish format-standard hentry category-agenda\" data-elementor-post-type=\"elementor_library\" data-custom-edit-handle=\"1\">\n\t\t\t<div class=\"elementor-element elementor-element-6cc171f8 e-con-full e-flex e-con e-parent\" data-id=\"6cc171f8\" data-element_type=\"container\" data-e-type=\"container\">\n\t\t<div class=\"elementor-element elementor-element-518e1661 e-con-full e-flex e-con e-child\" data-id=\"518e1661\" data-element_type=\"container\" data-e-type=\"container\">\n\t\t\t\t<div class=\"elementor-element elementor-element-44b8e0fd elementor-widget-mobile__width-inherit elementor-widget__width-initial elementor-widget elementor-widget-text-editor\" data-id=\"44b8e0fd\" data-element_type=\"widget\" data-e-type=\"widget\" data-widget_type=\"text-editor.default\">\n\t\t\t\t<div class=\"elementor-widget-container\">\n\t\t\t\t\t\t\t\t\t2 avril 2025\t\t\t\t\t\t\t\t<\/div>\n\t\t\t\t<\/div>\n\t\t<div class=\"elementor-element elementor-element-e3fd894 e-flex e-con-boxed e-con e-child\" data-id=\"e3fd894\" data-element_type=\"container\" data-e-type=\"container\">\n\t\t\t\t\t<div class=\"e-con-inner\">\n\t\t\t\t<div class=\"elementor-element elementor-element-4f83695c elementor-widget-mobile__width-inherit elementor-widget elementor-widget-text-editor\" data-id=\"4f83695c\" data-element_type=\"widget\" data-e-type=\"widget\" data-widget_type=\"text-editor.default\">\n\t\t\t\t<div class=\"elementor-widget-container\">\n\t\t\t\t\t\t\t\t\tS\u00e9minaire transversal\u00a0de Textes et Cultures\t\t\t\t\t\t\t\t<\/div>\n\t\t\t\t<\/div>\n\t\t\t\t<div class=\"elementor-element elementor-element-dde2111 elementor-widget-mobile__width-inherit elementor-widget elementor-widget-text-editor\" data-id=\"dde2111\" data-element_type=\"widget\" data-e-type=\"widget\" data-widget_type=\"text-editor.default\">\n\t\t\t\t<div class=\"elementor-widget-container\">\n\t\t\t\t\t\t\t\t\tS\u00e9minaire transversal de Textes et Cultures (org. Anne Besson) sur les \u00ab\u202fPatrimoines et territoires\u202f\u00bb avec l\u2019\u00e9quipe de PATRINVI.\r\n<br>Renseignements : <a href=\"http:\/\/textesetcultures.univ-artois.fr\/\">http:\/\/textesetcultures.univ-artois.fr\/<\/a>\t\t\t\t\t\t\t\t<\/div>\n\t\t\t\t<\/div>\n\t\t\t\t\t<\/div>\n\t\t\t\t<\/div>\n\t\t\t\t<\/div>\n\t\t\t\t<div class=\"elementor-element elementor-element-efd3709 elementor-widget elementor-widget-spacer\" data-id=\"efd3709\" data-element_type=\"widget\" data-e-type=\"widget\" data-widget_type=\"spacer.default\">\n\t\t\t\t<div class=\"elementor-widget-container\">\n\t\t\t\t\t\t\t<div class=\"elementor-spacer\">\n\t\t\t<div class=\"elementor-spacer-inner\"><\/div>\n\t\t<\/div>\n\t\t\t\t\t\t<\/div>\n\t\t\t\t<\/div>\n\t\t\t\t<\/div>\n\t\t\t\t<\/div>\n\t\t\t\t<\/div>\n\t\t\n\t\t\t\t\t\t<\/div>\n\t\t\t\t<\/div>\n\t\t\t\t\t<\/div>\n\t\t\t\t<\/div>\n\t\t\t\t<\/div>\n\t\t","protected":false},"excerpt":{"rendered":"","protected":false},"author":1,"featured_media":0,"parent":0,"menu_order":0,"comment_status":"closed","ping_status":"closed","template":"elementor_header_footer","meta":{"_acf_changed":false,"footnotes":""},"class_list":["post-191","page","type-page","status-publish","hentry"],"acf":[],"_links":{"self":[{"href":"https:\/\/patrimoinesinvisibles.com\/index.php\/wp-json\/wp\/v2\/pages\/191","targetHints":{"allow":["GET"]}}],"collection":[{"href":"https:\/\/patrimoinesinvisibles.com\/index.php\/wp-json\/wp\/v2\/pages"}],"about":[{"href":"https:\/\/patrimoinesinvisibles.com\/index.php\/wp-json\/wp\/v2\/types\/page"}],"author":[{"embeddable":true,"href":"https:\/\/patrimoinesinvisibles.com\/index.php\/wp-json\/wp\/v2\/users\/1"}],"replies":[{"embeddable":true,"href":"https:\/\/patrimoinesinvisibles.com\/index.php\/wp-json\/wp\/v2\/comments?post=191"}],"version-history":[{"count":31,"href":"https:\/\/patrimoinesinvisibles.com\/index.php\/wp-json\/wp\/v2\/pages\/191\/revisions"}],"predecessor-version":[{"id":1788,"href":"https:\/\/patrimoinesinvisibles.com\/index.php\/wp-json\/wp\/v2\/pages\/191\/revisions\/1788"}],"wp:attachment":[{"href":"https:\/\/patrimoinesinvisibles.com\/index.php\/wp-json\/wp\/v2\/media?parent=191"}],"curies":[{"name":"wp","href":"https:\/\/api.w.org\/{rel}","templated":true}]}}